{"id":12027,"date":"2024-09-06T11:23:37","date_gmt":"2024-09-06T15:23:37","guid":{"rendered":"https:\/\/arch.madnesscanada.com\/?page_id=12027"},"modified":"2024-10-07T09:12:48","modified_gmt":"2024-10-07T13:12:48","slug":"the-end-of-the-19th-century","status":"publish","type":"page","link":"https:\/\/arch.madnesscanada.com\/fr\/contributor-exhibits\/lets-talk-mental-health\/the-end-of-the-19th-century\/","title":{"rendered":"Fin Si\u00e8cle 19"},"content":{"rendered":"<p><!-- Widget Shortcode --><div id=\"nav_menu-8\" class=\"widget widget_nav_menu widget-shortcode area-arbitrary \"><h2 class=\"widgettitle\">(English) Contributing Exhibits<\/h2><div class=\"menu-contributor-exhibits-container\"><ul id=\"menu-contributor-exhibits-1\" class=\"menu\"><li class=\"menu-item menu-item-type-post_type menu-item-object-page menu-item-1076\"><a href=\"https:\/\/arch.madnesscanada.com\/fr\/contributor-exhibits\/\">Pr\u00e9sentation d\u2019expositions<\/a><\/li>\n<li class=\"menu-item menu-item-type-post_type menu-item-object-page menu-item-12247\"><a href=\"https:\/\/arch.madnesscanada.com\/fr\/contributor-exhibits\/lets-talk-mental-health\/\">Parlons sant\u00e9 mentale<\/a><\/li>\n<\/ul><\/div><\/div><!-- \/Widget Shortcode --><\/p>\n<!-- Widget Shortcode --><div id=\"search-3\" class=\"widget widget_search widget-shortcode area-arbitrary \"><h2 class=\"widgettitle\">(English) SEARCH<\/h2><form role=\"search\" method=\"get\" class=\"search-form\" action=\"https:\/\/arch.madnesscanada.com\/fr\/\">\n\t\t\t\t<label>\n\t\t\t\t\t<span class=\"screen-reader-text\">Rechercher\u00a0:<\/span>\n\t\t\t\t\t<input type=\"search\" class=\"search-field\" placeholder=\"Rechercher\u2026\" value=\"\" name=\"s\" \/>\n\t\t\t\t<\/label>\n\t\t\t\t<input type=\"submit\" class=\"search-submit\" value=\"Rechercher\" \/>\n\t\t\t<\/form><\/div><!-- \/Widget Shortcode -->\n<div class=\"rightmenu\"><!-- Widget Shortcode --><div id=\"nav_menu-88\" class=\"widget widget_nav_menu widget-shortcode area-arbitrary \"><div class=\"menu-lets-talk-mental-health-container\"><ul id=\"menu-lets-talk-mental-health-1\" class=\"menu\"><li class=\"menu-item menu-item-type-post_type menu-item-object-page menu-item-12035\"><a href=\"https:\/\/arch.madnesscanada.com\/fr\/contributor-exhibits\/lets-talk-mental-health\/\">Parlons sant\u00e9 mentale<\/a><\/li>\n<li class=\"menu-item menu-item-type-post_type menu-item-object-page menu-item-12044\"><a href=\"https:\/\/arch.madnesscanada.com\/fr\/contributor-exhibits\/lets-talk-mental-health\/the-end-of-the-19th-century\/\">Fin Si\u00e8cle 19<\/a><\/li>\n<li class=\"menu-item menu-item-type-post_type menu-item-object-page menu-item-12046\"><a href=\"https:\/\/arch.madnesscanada.com\/fr\/contributor-exhibits\/lets-talk-mental-health\/the-start-of-the-20th-century\/\">Si\u00e8cle 20<\/a><\/li>\n<li class=\"menu-item menu-item-type-post_type menu-item-object-page menu-item-12057\"><a href=\"https:\/\/arch.madnesscanada.com\/fr\/contributor-exhibits\/lets-talk-mental-health\/the-transition-period\/\">Transition<\/a><\/li>\n<li class=\"menu-item menu-item-type-post_type menu-item-object-page menu-item-12056\"><a href=\"https:\/\/arch.madnesscanada.com\/fr\/contributor-exhibits\/lets-talk-mental-health\/today\/\">Aujourd\u2019hui<\/a><\/li>\n<li class=\"menu-item menu-item-type-post_type menu-item-object-page menu-item-12055\"><a href=\"https:\/\/arch.madnesscanada.com\/fr\/contributor-exhibits\/lets-talk-mental-health\/the-future\/\">L\u2019avenir<\/a><\/li>\n<li class=\"menu-item menu-item-type-post_type menu-item-object-page menu-item-12036\"><a href=\"https:\/\/arch.madnesscanada.com\/fr\/contributor-exhibits\/\">Pr\u00e9sentation d\u2019expositions<\/a><\/li>\n<\/ul><\/div><\/div><!-- \/Widget Shortcode --><\/div>\n<nav aria-label=\"breadcrumbs\">\n            <div class=\"breadcrumb-container theme1\">\n                <ol>\n                                    <\/ol>\n            <\/div>\n        <\/nav>    <script type=\"application\/ld+json\">\n        {\n            \"@context\": \"http:\/\/schema.org\",\n            \"@type\": \"BreadcrumbList\",\n            \"itemListElement\": [\n                            ]\n        }\n    <\/script>\n   \n    <script>\n            <\/script>\n\n<h1>Fin Si\u00e8cle 19<\/h1>\n<p>L&rsquo;histoire des asiles commence au tournant du XIXe si\u00e8cle en Angleterre. La s\u00e9paration du public n&rsquo;\u00e9tait pas seulement sociale, elle \u00e9tait aussi physique. Une cl\u00f4ture de 8 pieds a \u00e9t\u00e9 construite \u00e0 des fins de s\u00e9curit\u00e9 et pour garder les patients \u00ab\u00a0hors de vue et loin de l&rsquo;esprit\u00a0\u00bb.<\/p>\n<h4>SELKIRK<\/h4>\n<p><strong>1871<\/strong>&#8211; Au Manitoba, le gouvernement provincial et le Dominion ont \u00e9tabli le premier asile \u00e0 Lower Fort Garry.<\/p>\n<p><strong>1884<\/strong> &#8211; Le gouvernement provincial a adopt\u00e9 une loi autorisant la construction d&rsquo;un asile.<\/p>\n<p><strong>1886<\/strong> &#8211; L&rsquo;h\u00f4pital de Selkirk a \u00e9t\u00e9 achev\u00e9 et s&rsquo;appelait <em>Lunatic Asylum<\/em>.<\/p>\n<p><strong>1886<\/strong> &#8211; Inaugur\u00e9 officiellement, le \u00ab Manitoba Asylum for the Insane \u00bb avait une capacit\u00e9 de 167 personnes.<\/p>\n<p>&nbsp;<\/p>\n<div class=\"captionpicsaligned short260\" style=\"clear: both;\">\n<figure id=\"attachment_12105\" aria-describedby=\"caption-attachment-12105\" style=\"width: 300px\" class=\"wp-caption alignleft\"><a href=\"https:\/\/arch.madnesscanada.com\/wp-content\/uploads\/Manitoba-Archives-The-newly-completed-Selkirk-Mental-Hospital-1887-1.jpg\"><img loading=\"lazy\" decoding=\"async\" class=\"wp-image-12105 size-medium\" src=\"https:\/\/arch.madnesscanada.com\/wp-content\/uploads\/Manitoba-Archives-The-newly-completed-Selkirk-Mental-Hospital-1887-1-300x201.jpg\" alt=\"\" width=\"300\" height=\"201\" srcset=\"https:\/\/arch.madnesscanada.com\/wp-content\/uploads\/Manitoba-Archives-The-newly-completed-Selkirk-Mental-Hospital-1887-1-300x201.jpg 300w, https:\/\/arch.madnesscanada.com\/wp-content\/uploads\/Manitoba-Archives-The-newly-completed-Selkirk-Mental-Hospital-1887-1-768x515.jpg 768w, https:\/\/arch.madnesscanada.com\/wp-content\/uploads\/Manitoba-Archives-The-newly-completed-Selkirk-Mental-Hospital-1887-1.jpg 1024w\" sizes=\"(max-width: 300px) 100vw, 300px\" \/><\/a><figcaption id=\"caption-attachment-12105\" class=\"wp-caption-text\">L&rsquo;h\u00f4pital psychiatrique de Selkirk, r\u00e9cemment achev\u00e9, 1887<\/figcaption><\/figure>\n<figure id=\"attachment_12102\" aria-describedby=\"caption-attachment-12102\" style=\"width: 300px\" class=\"wp-caption alignleft\"><a href=\"https:\/\/arch.madnesscanada.com\/wp-content\/uploads\/GPSA_n7969.jpg\"><img loading=\"lazy\" decoding=\"async\" class=\"wp-image-12102 size-medium\" src=\"https:\/\/arch.madnesscanada.com\/wp-content\/uploads\/GPSA_n7969-300x185.jpg\" alt=\"\" width=\"300\" height=\"185\" srcset=\"https:\/\/arch.madnesscanada.com\/wp-content\/uploads\/GPSA_n7969-300x185.jpg 300w, https:\/\/arch.madnesscanada.com\/wp-content\/uploads\/GPSA_n7969-768x473.jpg 768w, https:\/\/arch.madnesscanada.com\/wp-content\/uploads\/GPSA_n7969.jpg 1024w\" sizes=\"(max-width: 300px) 100vw, 300px\" \/><\/a><figcaption id=\"caption-attachment-12102\" class=\"wp-caption-text\">Selkirk &#8211; H\u00f4pital psychiatrique 53 vers 1887. Asile d&rsquo;ali\u00e9n\u00e9s<\/figcaption><\/figure>\n<\/div>\n<h4>BRANDON<\/h4>\n<p><strong>1891<\/strong>&#8211; L&rsquo;asile de Brandon a ouvert ses portes.<\/p>\n<div class=\"captionpicsaligned short260\" style=\"clear: both;\">\n<figure id=\"attachment_12128\" aria-describedby=\"caption-attachment-12128\" style=\"width: 241px\" class=\"wp-caption alignleft\"><a href=\"https:\/\/arch.madnesscanada.com\/wp-content\/uploads\/GPSA_n14243.jpg\"><img loading=\"lazy\" decoding=\"async\" class=\"wp-image-12128 size-medium\" src=\"https:\/\/arch.madnesscanada.com\/wp-content\/uploads\/GPSA_n14243-241x300.jpg\" alt=\"\" width=\"241\" height=\"300\" srcset=\"https:\/\/arch.madnesscanada.com\/wp-content\/uploads\/GPSA_n14243-241x300.jpg 241w, https:\/\/arch.madnesscanada.com\/wp-content\/uploads\/GPSA_n14243-768x954.jpg 768w, https:\/\/arch.madnesscanada.com\/wp-content\/uploads\/GPSA_n14243.jpg 824w\" sizes=\"(max-width: 241px) 100vw, 241px\" \/><\/a><figcaption id=\"caption-attachment-12128\" class=\"wp-caption-text\">Le personnel de l&rsquo;asile de Brandon, 1894<\/figcaption><\/figure>\n<\/div>\n<h4>PORTAGE LA PRAIRIE<\/h4>\n<p><strong>1890<\/strong> &#8211; L&rsquo;histoire des institutions pour les personnes vivant avec un handicap au Manitoba commence, avec ce qui s&rsquo;appelait \u00e0 l&rsquo;origine le Home for the Incurables \u00e0 Portage la Prairie.<\/p>\n<p>L&rsquo;\u00e9tablissement de Portage la Prairie abritait des patients souffrant d&rsquo;une grande vari\u00e9t\u00e9 de maladies qui, \u00e0 l&rsquo;\u00e9poque, ne seraient pas trait\u00e9es dans un h\u00f4pital g\u00e9n\u00e9ral.<\/p>\n<h4>Sources<\/h4>\n<p>Manitoba Asylum &#8211; Selkirk Museum<br \/>\n[https:\/\/selkirkmuseum.ca\/places\/the-manitoba-asylum\/]<\/p>\n<p>Article: Abnormal psychology<\/p>\n<p>Development centre\u2019s time is past \u2013 Winnipeg Free Press<br \/>\n[https:\/\/www.winnipegfreepress.com\/opinion\/analysis\/2013\/10\/01\/development-centres-time-is-past]<\/p>\n<p>Module Three: Manitoba \u2013 Truths of Institutionalization<br \/>\n[https:\/\/truthsofinstitutionalization.ca\/modules\/module-3-mb\/]<\/p>\n<p>Historic Sites of Manitoba: Home for Incurables \/ Home for the Aged and Infirm \/ Manitoba School for Mental Defectives \/ Manitoba School for Retardates \/ Manitoba Development Centre (3rd Street NE, Portage la Prairie) (mhs.mb.ca)<br \/>\n[https:\/\/www.mhs.mb.ca\/docs\/sites\/homeforincurables.shtml]<\/p>\n<p>Historic Sites of Manitoba: Brandon Mental Health Centre (First Street, Brandon) (mhs.mb.ca)<br \/>\n[http:\/\/mhs.mb.ca\/docs\/sites\/brandonmentalhealthcentre.shtml]<\/p>\n<p>Manitoba History: The Brandon Asylum Fire of 1910 (mhs.mb.ca)<br \/>\n[http:\/\/www.mhs.mb.ca\/docs\/mb_history\/21\/brandonasylumfire.shtml]<\/p>\n<h4>Photo Credits<\/h4>\n<p><em>L&rsquo;h\u00f4pital psychiatrique de Selkirk, r\u00e9cemment achev\u00e9, 1887<\/em><br \/>\nArchives of Manitoba, Archives of Manitoba photo collection, Selkirk &#8211; Mental Hospital,1887-1955, P1215<\/p>\n<p><em>Selkirk &#8211; H\u00f4pital psychiatrique 53 vers 1887. Asile d&rsquo;ali\u00e9n\u00e9s<\/em><br \/>\nArchives of Manitoba, Archives of Manitoba photo collection, Selkirk &#8211; Mental Hospital 41-53,1887-1955, P1215<\/p>\n<p><em>Le personnel de l&rsquo;asile de Brandon, 1894<\/em><br \/>\nArchives of Manitoba, Archives of Manitoba photo collection, Brandon &#8211; Buildings &#8211; Provincial &#8211; Brandon Mental Health Centre, 1906-1946, P1132<\/p>","protected":false},"excerpt":{"rendered":"<p>Fin Si\u00e8cle 19 L&rsquo;histoire des asiles commence au tournant du XIXe si\u00e8cle en Angleterre. La s\u00e9paration du public n&rsquo;\u00e9tait pas seulement sociale, elle \u00e9tait aussi physique. Une cl\u00f4ture de 8 pieds a \u00e9t\u00e9 construite \u00e0 des fins de s\u00e9curit\u00e9 et pour garder les patients \u00ab\u00a0hors de vue et loin de l&rsquo;esprit\u00a0\u00bb. SELKIRK 1871&#8211; Au Manitoba, &hellip; <\/p>\n","protected":false},"author":7,"featured_media":0,"parent":12019,"menu_order":0,"comment_status":"closed","ping_status":"closed","template":"","meta":{"footnotes":""},"class_list":["post-12027","page","type-page","status-publish","hentry","entry"],"aioseo_notices":[],"_links":{"self":[{"href":"https:\/\/arch.madnesscanada.com\/fr\/wp-json\/wp\/v2\/pages\/12027"}],"collection":[{"href":"https:\/\/arch.madnesscanada.com\/fr\/wp-json\/wp\/v2\/pages"}],"about":[{"href":"https:\/\/arch.madnesscanada.com\/fr\/wp-json\/wp\/v2\/types\/page"}],"author":[{"embeddable":true,"href":"https:\/\/arch.madnesscanada.com\/fr\/wp-json\/wp\/v2\/users\/7"}],"replies":[{"embeddable":true,"href":"https:\/\/arch.madnesscanada.com\/fr\/wp-json\/wp\/v2\/comments?post=12027"}],"version-history":[{"count":50,"href":"https:\/\/arch.madnesscanada.com\/fr\/wp-json\/wp\/v2\/pages\/12027\/revisions"}],"predecessor-version":[{"id":12192,"href":"https:\/\/arch.madnesscanada.com\/fr\/wp-json\/wp\/v2\/pages\/12027\/revisions\/12192"}],"up":[{"embeddable":true,"href":"https:\/\/arch.madnesscanada.com\/fr\/wp-json\/wp\/v2\/pages\/12019"}],"wp:attachment":[{"href":"https:\/\/arch.madnesscanada.com\/fr\/wp-json\/wp\/v2\/media?parent=12027"}],"curies":[{"name":"wp","href":"https:\/\/api.w.org\/{rel}","templated":true}]}}