{"id":9134,"date":"2019-10-24T13:30:19","date_gmt":"2019-10-24T17:30:19","guid":{"rendered":"http:\/\/aftertheasylum.ca\/new-wordpress\/?page_id=30"},"modified":"2022-07-05T15:06:51","modified_gmt":"2022-07-05T19:06:51","slug":"policy-and-practice","status":"publish","type":"page","link":"https:\/\/arch.madnesscanada.com\/fr\/after-the-asylum\/policy-and-practice\/","title":{"rendered":"Politiques de sant\u00e9 mentale"},"content":{"rendered":"<p><\/p>\n<!-- Widget Shortcode --><div id=\"nav_menu-64\" class=\"widget widget_nav_menu widget-shortcode area-arbitrary \"><h2 class=\"widgettitle\">(English) After the Asylum<\/h2><div class=\"menu-after-the-asylum-container\"><ul id=\"menu-after-the-asylum-1\" class=\"menu\"><li class=\"menu-item menu-item-type-post_type menu-item-object-page menu-item-9204\"><a href=\"https:\/\/arch.madnesscanada.com\/fr\/after-the-asylum\/\">Apr\u00e8s l\u2019asile<\/a><\/li>\n<li class=\"menu-item menu-item-type-post_type menu-item-object-page menu-item-9203\"><a href=\"https:\/\/arch.madnesscanada.com\/fr\/after-the-asylum\/policy-and-practice\/\">Politiques de sant\u00e9 mentale<\/a><\/li>\n<li class=\"menu-item menu-item-type-post_type menu-item-object-page menu-item-9208\"><a href=\"https:\/\/arch.madnesscanada.com\/fr\/after-the-asylum\/peer-support-activism\/\">Soutien par les pairs et activisme<\/a><\/li>\n<li class=\"menu-item menu-item-type-post_type menu-item-object-page menu-item-9207\"><a href=\"https:\/\/arch.madnesscanada.com\/fr\/after-the-asylum\/survivor-culture\/\">Culture de la survivante<\/a><\/li>\n<li class=\"menu-item menu-item-type-post_type menu-item-object-page menu-item-9206\"><a href=\"https:\/\/arch.madnesscanada.com\/fr\/after-the-asylum\/case-studies\/\">\u00c9tudes de cas<\/a><\/li>\n<\/ul><\/div><\/div><!-- \/Widget Shortcode -->\n<!-- Widget Shortcode --><div id=\"search-3\" class=\"widget widget_search widget-shortcode area-arbitrary \"><h2 class=\"widgettitle\">(English) SEARCH<\/h2><form role=\"search\" method=\"get\" class=\"search-form\" action=\"https:\/\/arch.madnesscanada.com\/fr\/\">\n\t\t\t\t<label>\n\t\t\t\t\t<span class=\"screen-reader-text\">Rechercher\u00a0:<\/span>\n\t\t\t\t\t<input type=\"search\" class=\"search-field\" placeholder=\"Rechercher\u2026\" value=\"\" name=\"s\" \/>\n\t\t\t\t<\/label>\n\t\t\t\t<input type=\"submit\" class=\"search-submit\" value=\"Rechercher\" \/>\n\t\t\t<\/form><\/div><!-- \/Widget Shortcode -->\n<div class=\"rightmenu\"><!-- Widget Shortcode --><div id=\"nav_menu-65\" class=\"widget widget_nav_menu widget-shortcode area-arbitrary \"><h2 class=\"widgettitle\">l&rsquo;exposition<\/h2><div class=\"menu-policy-and-practice-container\"><ul id=\"menu-policy-and-practice-1\" class=\"menu\"><li class=\"menu-item menu-item-type-post_type menu-item-object-page menu-item-9210\"><a href=\"https:\/\/arch.madnesscanada.com\/fr\/after-the-asylum\/policy-and-practice\/the-last-asylums\/\">Les derniers asiles<\/a><\/li>\n<\/ul><\/div><\/div><!-- \/Widget Shortcode --><\/div>\n<nav aria-label=\"breadcrumbs\">\n            <div class=\"breadcrumb-container theme1\">\n                <ol>\n                                    <\/ol>\n            <\/div>\n        <\/nav>    <script type=\"application\/ld+json\">\n        {\n            \"@context\": \"http:\/\/schema.org\",\n            \"@type\": \"BreadcrumbList\",\n            \"itemListElement\": [\n                            ]\n        }\n    <\/script>\n   \n    <script>\n            <\/script>\n\n<h1>Politiques de sant\u00e9 mentale<\/h1>\n<h5><em>La d\u00e9sinstitutionnalisation repr\u00e9sentait l\u2019id\u00e9e ma\u00eetresse des d\u00e9cideurs et professionnels des ann\u00e9es 1950 et 1960. Quelles caract\u00e9ristiques sous-tendaient cette transformation des politiques en mati\u00e8re de sant\u00e9 mentale? Qui \u00e9taient les acteurs en question?<\/em><\/h5>\n<h4>Les derniers asiles<\/h4>\n<p><a href=\"https:\/\/arch.madnesscanada.com\/wp-content\/uploads\/2019\/12\/Institut-universitaire-en-sante\u0301-mentale-e1575258283877.jpg\"><img loading=\"lazy\" decoding=\"async\" class=\"alignleft wp-image-2284 size-thumbnail\" src=\"https:\/\/arch.madnesscanada.com\/wp-content\/uploads\/2019\/12\/Institut-universitaire-en-sante\u0301-mentale-e1575258283877-150x150.jpg\" alt=\"Photo en noir et blanc d'une vue a\u00e9rienne d'un vaste complexe compos\u00e9 de plusieurs b\u00e2timents institutionnels\" width=\"150\" height=\"150\" \/><\/a>Les asiles marquent l\u2019imaginaire populaire tels des mausol\u00e9es d\u2019un temps oubli\u00e9, mais ils repr\u00e9sentaient autrefois les espoirs de la psychiatrie et la r\u00e9habilitation des citoyens consid\u00e9r\u00e9s malades mentaux. Legs controvers\u00e9s de l\u2019histoire de la sant\u00e9 mentale, les asiles furent le lieu de r\u00e9sidence de milliers de patients et le lieu de travail de centaines d\u2019employ\u00e9s. Ils furent \u00e9galement le lieu d\u2019exp\u00e9riences m\u00e9dicales et de communaut\u00e9s autosuffisantes, avec leurs fermes, buanderies et cuisines industrielles. En se penchant sur les asiles lors de la p\u00e9riode de la d\u00e9sinstitutionnalisation, cette exposition vous conduit entre les murs de 13 grands h\u00f4pitaux psychiatriques canadiens.<\/p>\n<p>&nbsp;<\/p>","protected":false},"excerpt":{"rendered":"<p>Politiques de sant\u00e9 mentale La d\u00e9sinstitutionnalisation repr\u00e9sentait l\u2019id\u00e9e ma\u00eetresse des d\u00e9cideurs et professionnels des ann\u00e9es 1950 et 1960. Quelles caract\u00e9ristiques sous-tendaient cette transformation des politiques en mati\u00e8re de sant\u00e9 mentale? Qui \u00e9taient les acteurs en question? Les derniers asiles Les asiles marquent l\u2019imaginaire populaire tels des mausol\u00e9es d\u2019un temps oubli\u00e9, mais ils repr\u00e9sentaient autrefois les &hellip; <\/p>\n","protected":false},"author":7,"featured_media":0,"parent":9133,"menu_order":0,"comment_status":"closed","ping_status":"closed","template":"","meta":{"footnotes":""},"class_list":["post-9134","page","type-page","status-publish","hentry","entry"],"aioseo_notices":[],"_links":{"self":[{"href":"https:\/\/arch.madnesscanada.com\/fr\/wp-json\/wp\/v2\/pages\/9134"}],"collection":[{"href":"https:\/\/arch.madnesscanada.com\/fr\/wp-json\/wp\/v2\/pages"}],"about":[{"href":"https:\/\/arch.madnesscanada.com\/fr\/wp-json\/wp\/v2\/types\/page"}],"author":[{"embeddable":true,"href":"https:\/\/arch.madnesscanada.com\/fr\/wp-json\/wp\/v2\/users\/7"}],"replies":[{"embeddable":true,"href":"https:\/\/arch.madnesscanada.com\/fr\/wp-json\/wp\/v2\/comments?post=9134"}],"version-history":[{"count":6,"href":"https:\/\/arch.madnesscanada.com\/fr\/wp-json\/wp\/v2\/pages\/9134\/revisions"}],"predecessor-version":[{"id":11767,"href":"https:\/\/arch.madnesscanada.com\/fr\/wp-json\/wp\/v2\/pages\/9134\/revisions\/11767"}],"up":[{"embeddable":true,"href":"https:\/\/arch.madnesscanada.com\/fr\/wp-json\/wp\/v2\/pages\/9133"}],"wp:attachment":[{"href":"https:\/\/arch.madnesscanada.com\/fr\/wp-json\/wp\/v2\/media?parent=9134"}],"curies":[{"name":"wp","href":"https:\/\/api.w.org\/{rel}","templated":true}]}}